{"id":63752,"date":"2023-04-07T11:39:00","date_gmt":"2023-04-07T11:39:00","guid":{"rendered":"https:\/\/eu4azerbaijan.eu\/?page_id=63752"},"modified":"2023-04-11T09:40:18","modified_gmt":"2023-04-11T09:40:18","slug":"italiya-saati","status":"publish","type":"page","link":"https:\/\/eu4azerbaijan.eu\/az\/italiya-saati\/","title":{"rendered":"\u0130taliya saat\u0131"},"content":{"rendered":"\n<p><strong>G\u0259nc modelyer, \u201cRozSev\u201d brendinin yarad\u0131c\u0131s\u0131 Ayt\u0259n X\u0259lilzad\u0259 \u201cA\u0130 M\u0259d\u0259niyy\u0259t \u00fc\u00e7\u00fcn\u201d layih\u0259sinin mobillik qrant\u0131n\u0131 udub, bu yay Milanda bir ay \u0130nsituto di moda Burgoda D\u0259b dizayn\u0131 kursunda t\u0259hsil al\u0131b&#8230;<\/strong><\/p>\n\n\n\n<p>&#8211; \u0130taliyadan n\u0259 g\u0259tirdin \u00f6z\u00fcnl\u0259?<\/p>\n\n\n\n<p>&#8211; Saat.<\/p>\n\n\n\n<p>&#8211; Niy\u0259?<\/p>\n\n\n\n<p>&#8211; Endirimd\u0259 idi, &#8211; deyir v\u0259 sol bil\u0259yind\u0259ki saat\u0131n\u0131 ehmalca d\u00fcz\u0259ldir.<\/p>\n\n\n\n<p>Ayt\u0259nin sol \u0259lini b\u0259z\u0259y\u0259n saata \u00f6t\u0259ri bax\u0131b sual\u0131m\u0131 bir d\u0259 verir\u0259m.<\/p>\n\n\n\n<p>&#8211; \u0130taliyadan n\u0259 ald\u0131n yox, n\u0259 g\u0259tirdin? &#8211; soru\u015fdum.<\/p>\n\n\n\n<p>O, bir anl\u0131q dayan\u0131r, suala sevinirmi\u015f kimi f\u0259rqli bir s\u0259sl\u0259:<\/p>\n\n\n\n<p>&#8211; Emosiyalar g\u0259tirdim, t\u0259krars\u0131z emosiyalar,- deyir.<\/p>\n\n\n\n<p>Bu cavabdan sonra Ayt\u0259nin yeni qol saat\u0131na bir d\u0259 bax\u0131ram. Hiss edir\u0259m ki, Ayt\u0259n indi \u0130taliya, daha do\u011frusu, Milan saat\u0131 il\u0259 i\u015fl\u0259yir&#8230;<\/p>\n\n\n\n<p><strong>Buludlarda<\/strong><\/p>\n\n\n\n<p>N\u0259hay\u0259t, t\u0259yyar\u0259d\u0259 idi. Saat\u0131na baxd\u0131. S\u0259h\u0259r saat 07:30, 2 iyul, 2022-ci il. Bu g\u00fcn onun ad g\u00fcn\u00fcd\u00fcr, 30 ya\u015f\u0131 olur. G\u00f6zl\u0259rini yumdu. O q\u0259d\u0259r mutlu idi ki&#8230; \u0130nana bilmirdi ki, buludlar\u0131n \u00fcst\u00fcnd\u0259dir&#8230;<\/p>\n\n\n\n<p>Srag\u00fcn bu vaxt \u0130taliyaya n\u0259 vizas\u0131 vard\u0131, n\u0259 d\u0259 bileti. Amma risk\u0259 getmi\u015fdi. Vizas\u0131z, biletsiz olsa da, d\u00fcz bir h\u0259ft\u0259 \u0259vv\u0259l kursun pulunu k\u00f6\u00e7\u00fcrm\u00fc\u015fd\u00fc. T\u0259yyar\u0259 biletini is\u0259 d\u00fcn\u0259n alm\u0131\u015fd\u0131.<\/p>\n\n\n\n<p>Ail\u0259sind\u0259n ba\u015fqa, bir kims\u0259 bilmirdi ki, Ayt\u0259n Milana gedir. H\u0259, bir d\u0259 turizm agentliyind\u0259 i\u015fl\u0259y\u0259n tan\u0131\u015f\u0131ndan savay\u0131. O, Ayt\u0259n\u0259: \u201cAy\u0131n ikisin\u0259 ikic\u0259 bilet qal\u0131b, indi ald\u0131nsa ald\u0131n, sonra olmaya da bil\u0259r\u201d- demi\u015fdi. \u00dc\u00e7 g\u00fcnd\u0259n sonra ay\u0131n 4-d\u0259 kurs ba\u015flay\u0131rd\u0131. Bel\u0259c\u0259 Ayt\u0259n d\u00fcn\u0259n bilet al\u0131b, bu b\u00fcn t\u0259yyar\u0259y\u0259 \u0259yl\u0259\u015fmi\u015fdi&#8230;<\/p>\n\n\n\n<p>\u0130ndi buludlar\u0131n \u00fcst\u00fcnd\u0259 ad g\u00fcn\u00fcn\u00fc yol yolda\u015flar\u0131 \u2013 t\u0259yyar\u0259y\u0259 min\u0259n\u0259 q\u0259d\u0259r varl\u0131qlar\u0131ndan x\u0259b\u0259ri bel\u0259 olmad\u0131\u011f\u0131 bir italyan ail\u0259si il\u0259 qeyd edirdi. Onlar ingilis dilini bilmirdil\u0259r, Ayt\u0259n italyan. Amma bir-birl\u0259rini el\u0259 g\u00f6z\u0259l anlay\u0131rd\u0131lar ki&#8230; Ayt\u0259n bu ad g\u00fcn\u00fc \u00fc\u00e7\u00fcn g\u00f6r\u0259s\u0259n, ne\u00e7\u0259 il idi ki, yol g\u0259lirdi? B\u0259lk\u0259 d\u0259, el\u0259 modelyer olmaq ist\u0259diyi g\u00fcnd\u0259n&#8230; Kim bilir&#8230;<\/p>\n\n\n\n<p><strong>X\u0259yallarda<\/strong><\/p>\n\n\n\n<p>Bir q\u0131z vard\u0131. 8 ya\u015f\u0131nda yay t\u0259tilind\u0259 ham\u0131 h\u0259y\u0259td\u0259 oynayanda g\u0259linciyin\u0259 g\u0259linlik tikirdi..<\/p>\n\n\n\n<p>Bir q\u0131z vard\u0131. Day\u0131s\u0131n\u0131n ni\u015fanl\u0131s\u0131n\u0131n g\u0259linlik paltar\u0131na \u015f\u0259kil \u00e7\u0259kmi\u015fdi&#8230;<\/p>\n\n\n\n<p>Bir q\u0131z vard\u0131, tiki\u015f tikm\u0259yi atsa da, paltar \u015f\u0259killl\u0259ri \u00e7\u0259km\u0259kd\u0259n \u0259l \u015f\u0259k\u0259 bilmirdi. Qeyri-adi, b\u0259lk\u0259 d\u0259, ekstravaqant geyiml\u0259r \u00e7\u0259kirdi&#8230; Tikilib-tikilm\u0259y\u0259c\u0259yinin f\u0259rqind\u0259 deyildi&#8230;<\/p>\n\n\n\n<p>Bir q\u0131z vard\u0131, d\u00fcnyan\u0131n fiziki s\u0259rh\u0259dl\u0259ri onun \u00fc\u00e7\u00fcn ya\u015fad\u0131\u011f\u0131 Ming\u0259\u00e7evird\u0259n k\u0259nara \u00e7\u0131xmasa da, x\u0259yallar\u0131 s\u0259rh\u0259d tan\u0131m\u0131rd\u0131. B\u00f6y\u00fcy\u0259nd\u0259 oz\u00fcn\u00fc modelyer kimi g\u00f6r\u00fcrd\u00fc. R\u0259ssaml\u0131q Akademiyas\u0131na s\u0259n\u0259dl\u0259rini ver\u0259nd\u0259 el\u0259 bilirdi ki, arzusunun ger\u00e7\u0259kl\u0259\u015fm\u0259sin\u0259 birc\u0259 add\u0131m qal\u0131b. Amma s\u0259n sayd\u0131\u011f\u0131n\u0131 say. H\u0259min il ke\u00e7id bal\u0131 qalxd\u0131. V\u0259 o, R\u0259ssaml\u0131q Akademiyas\u0131na \u201c\u0259lvida\u201d dey\u0259nd\u0259 anas\u0131n\u0131 m\u00fct\u0259\u0259ssir etm\u0259m\u0259k \u00fc\u00e7\u00fcn bal\u0131 \u00e7atan fak\u00fclt\u0259ni se\u00e7m\u0259li oldu \u2013 Sumqay\u0131t D\u00f6vl\u0259t Universitetinin tarix fak\u00fclt\u0259sini. Bel\u0259c\u0259 ger\u00e7\u0259yi ya\u015famaq zorunda qald\u0131.<\/p>\n\n\n\n<p><strong>Ger\u00e7\u0259kd\u0259<\/strong><\/p>\n\n\n\n<p>Qiyabi t\u0259hsil ala-ala m\u00fcxt\u0259lif i\u015fl\u0259rd\u0259 \u00e7al\u0131\u015fd\u0131. Menecer d\u0259 oldu, k\u00f6n\u00fcll\u00fc d\u0259. Bir s\u00f6zl\u0259, i\u015fd\u0259n qorxmad\u0131. Bu ill\u0259r \u0259rzind\u0259 d\u0259yi\u015fm\u0259y\u0259n bir \u015fey vard\u0131sa, o da Ayt\u0259nin geyim modell\u0259ri \u00e7\u0259km\u0259si idi. V\u0259 g\u00fcnl\u0259rin birind\u0259 Ayt\u0259n modell\u0259rinin ka\u011f\u0131z \u00fcz\u0259rind\u0259 qalmas\u0131ndan, b\u0259lk\u0259 d\u0259, bezdi, b\u0259lk\u0259 d\u0259, yoruldu. Ger\u00e7\u0259yi d\u0259yi\u015fm\u0259k q\u0259rar\u0131na g\u0259ldi. Bax onda ilk d\u0259f\u0259 \u0130stanbul Moda Akademiyas\u0131nda \u201cBir moda markas\u0131 yaratmaq\u201d t\u0259limind\u0259 oldu. Bu kurs Ayt\u0259nin g\u00f6z\u00fcn\u00fc a\u00e7d\u0131. Burada marka yaratmaq \u00fc\u00e7\u00fcn t\u0259l\u0259b olunan \u00e7ox \u015feyi \u00f6yr\u0259ndi. Ba\u015fl\u0131cas\u0131 is\u0259 anlad\u0131 ki, ger\u00e7\u0259k modelyer olmaq \u00fc\u00e7\u00fcn \u00f6z\u00fc tikm\u0259yi \u00f6yr\u0259nm\u0259lidir. D\u00fcz iki il d\u0259rzilik d\u0259rsl\u0259ri ald\u0131. \u00d6yr\u0259n\u0259-\u00f6yr\u0259n\u0259 \u00f6z\u00fc tikm\u0259y\u0259 ba\u015flad\u0131. T\u0259kc\u0259 \u00f6z\u00fc, ail\u0259si \u00fc\u00e7\u00fcn deyil, h\u0259m d\u0259 anas\u0131n\u0131n i\u015f yolda\u015flar\u0131 \u00fc\u00e7\u00fcn.<\/p>\n\n\n\n<p>H\u0259min g\u00fcnl\u0259rd\u0259n bir q\u0131z\u0131l qaydan\u0131 da \u00f6yr\u0259ndi \u2013 \u00f6z\u00fcn\u0259, \u00f6z \u0259m\u0259yin\u0259 qiym\u0259t qoyma\u011f\u0131 bacarma\u011f\u0131. N\u0259yis\u0259 boynuna g\u00f6t\u00fcr\u00fcrs\u0259ns\u0259, qiym\u0259tini d\u0259 bilm\u0259lis\u0259n. Yox, \u0259g\u0259r tikm\u0259y\u0259c\u0259ks\u0259ns\u0259, b\u0259ri ba\u015fdan boyun olma.&nbsp;<\/p>\n\n\n\n<p>H\u0259r\u00e7\u0259nd ki qiym\u0259t v\u0259 haqq-hesab m\u0259s\u0259l\u0259sind\u0259 h\u0259r d\u0259f\u0259 \u00f6l\u00e7\u00fc-qay\u00e7\u0131l\u0131 olmaq m\u00fcmk\u00fcn deyil. Biznes ona riskl\u0259ri hesablama\u011f\u0131 \u00f6yr\u0259tdi. \u0130lk biznes d\u0259rsini \u201cRozsevi\u201d yaradanda ald\u0131.<\/p>\n\n\n\n<p><strong>\u201cRozSev\u201d-d\u0259<\/strong><\/p>\n\n\n\n<p>2019-cu ild\u0259 USA\u0130D-nin Qad\u0131n sahibkarlara d\u0259st\u0259k investisiya proqram\u0131n\u0131 qazananda Ayt\u0259n bu d\u00fcnyada \u0259n \u00e7ox sevdiyi iki adam\u0131n ad\u0131n\u0131 bir brendd\u0259 birl\u0259\u015fdirm\u0259k q\u0259rar\u0131na g\u0259lidi. Ata n\u0259n\u0259si Rozan\u0131n v\u0259 anas\u0131 Sevincin. B\u0259lk\u0259, onlara olan m\u0259h\u0259bb\u0259tind\u0259n idi, b\u0259lk\u0259 d\u0259, t\u0259cr\u00fcb\u0259sizilikd\u0259n idi, Ayt\u0259n kiray\u0259y\u0259 g\u00f6t\u00fcrd\u00fcy\u00fc yeri \u2013 \u201cRozsev\u201din ofisini \u00fcr\u0259yi ist\u0259diyi kimi t\u0259mir etdi, qurdu. \u0130\u015f\u0259 t\u0259z\u0259 ba\u015flam\u0131\u015fd\u0131lar ki, Covid-19 pandemiyas\u0131 ba\u015flad\u0131. Maya qoydu\u011fu, \u0259m\u0259k verdiyi ofisin qap\u0131s\u0131 h\u0259ft\u0259l\u0259rl\u0259 ba\u011fl\u0131 qal\u0131rd\u0131. Bu riski he\u00e7 a\u011fl\u0131na g\u0259tirm\u0259mi\u015fdi. Amma Ayt\u0259n ruhdan d\u00fc\u015fm\u0259di. H\u0259r a\u00e7\u0131lan g\u00fcn\u00fc cizgi filml\u0259rin\u0259 baxmaqla ba\u015flayan Ayt\u0259n bu d\u0259f\u0259 d\u0259 \u00f6z\u00fcn\u00fc sevimli q\u0259hr\u0259manlar\u0131na b\u0259nz\u0259tdi. Beyni yen\u0259 d\u0259 problemi \u00e7\u00f6zm\u0259y\u0259 s\u0259f\u0259rb\u0259r oldu. O, sosial layih\u0259y\u0259 ba\u015f vurma\u011fa q\u0259rar verdi. \u018fslind\u0259, fiziki qusurlu insanlara yard\u0131m etm\u0259k Ayt\u0259nin \u00e7oxdank\u0131 arzusu idi. El\u0259 buna g\u00f6r\u0259 d\u0259 \u018fm\u0259k v\u0259 \u018fhalinin Sosial T\u0259minat\u0131 Nazirliyinin elan etdiyi \u00d6z\u00fcn\u00fcm\u0259\u015f\u011fulluq proqram\u0131na t\u0259r\u0259dd\u00fcds\u00fcz ba\u015f vurdu. Proqram\u0131 qazand\u0131: indi tiki\u015f sexind\u0259ki iki tiki\u015f ma\u015f\u0131n\u0131na ikisi d\u0259 \u0259lav\u0259 olunurdu. Amma i\u015fin \u0259n \u00e7\u0259tini ir\u0259lid\u0259 idi \u2013 pandemiyadan daha \u00e7ox \u0259ziyy\u0259t \u00e7\u0259k\u0259n fiziki qusurlu insanlar\u0131 tapmaq, onlara tiki\u015f tikm\u0259yi \u00f6yr\u0259tm\u0259k, \u0259ll\u0259rini \u00e7\u00f6r\u0259y\u0259 \u00e7atd\u0131rmaq.<\/p>\n\n\n\n<p>&#8211; B\u0259z\u0259n y\u00fcz adama m\u00fcraci\u0259t edirs\u0259n, bir n\u0259f\u0259r tap\u0131rsan. X\u00fcsusil\u0259 d\u0259 pandemiya d\u00f6vr\u00fcnd\u0259. Sosial layih\u0259min \u0259n b\u00f6y\u00fck tap\u0131nt\u0131s\u0131 \u018ffsan\u0259 oldu. Uzaqdan, Sanqa\u00e7aldan g\u0259l\u0259n \u018ffsan\u0259nin&nbsp; e\u015fitm\u0259 m\u0259hdudiyy\u0259ti olsa da, m\u0259ni yar\u0131m k\u0259lm\u0259d\u0259n anlay\u0131r&#8230; \u0130\u015find\u0259 m\u0259suliyy\u0259tlidir. D\u00fczg\u00fcn insanlar\u0131 tapmaq bisnesin \u00fc\u00e7\u00fcn h\u0259lledici amill\u0259rd\u0259ndir. \u00c7\u00fcnki m\u0259n b\u00fct\u00fcn g\u00fcn\u00fc i\u015fd\u0259 olmuram, biznesimi inki\u015faf etdirm\u0259k, g\u00fccl\u0259ndirm\u0259k \u00fc\u00e7\u00fcn m\u00fcxt\u0259lif t\u0259liml\u0259r\u0259, m\u00fcsabiq\u0259l\u0259r\u0259 qat\u0131l\u0131ram. Bu, yeni insanlar, yeni tan\u0131\u015flar, yeni imkanlar dem\u0259kdir.&nbsp; M\u0259nim ikinci q\u0131z\u0131l qaydam \u015f\u0259b\u0259k\u0259mi qurmaq v\u0259 onu daim geni\u015fl\u0259ndirm\u0259kdir. Q\u0131raqdan el\u0259 g\u00f6r\u00fcn\u0259 bil\u0259r ki, m\u0259n modelyerlikd\u0259n \u0259lav\u0259, n\u0259l\u0259rl\u0259s\u0259 m\u0259\u015f\u011ful oluram. Amma, \u0259slind\u0259, bel\u0259 deyil, b\u00fct\u00fcn qat\u0131ldl\u011f\u0131m i\u015fl\u0259r m\u0259nim biznesim\u0259 d\u0259st\u0259k verm\u0259k \u00fc\u00e7\u00fcnd\u00fcr&#8230;<\/p>\n\n\n\n<p><strong>Mobillik u\u011frunda<\/strong><\/p>\n\n\n\n<p>&#8211; Bu yay Avropa \u0130ttifaq\u0131n\u0131n A\u0130 M\u0259d\u0259niyy\u0259t \u00fc\u00e7\u00fcn layih\u0259sin\u0259 ba\u015f vuranda Access bank\u0131n t\u0259\u015fkil etdiyi\u201cAccess to Success\u201d (U\u011furu \u00e7\u0131x\u0131\u015f) layih\u0259sind\u0259 i\u015fritak\u00e7\u0131 idim. Ba\u015f\u0131m o q\u0259d\u0259r qar\u0131\u015f\u0131q idi ki, m\u00fcsabiq\u0259 \u00fc\u00e7\u00fcn portofoliomu son g\u00fcnd\u0259 c\u0259mi 30 d\u0259qiq\u0259y\u0259 y\u0131\u011fd\u0131m. Bu, m\u00fcsabiq\u0259nin sonuncu m\u0259rh\u0259l\u0259si idi. D\u00fcz\u00fc, qalib g\u0259l\u0259c\u0259yim\u0259 o q\u0259d\u0259r d\u0259 inanm\u0131rd\u0131m. Bu i\u015fd\u0259 mentorlar\u0131m Kristina M\u0259mm\u0259dova v\u0259 Ceyhun F\u0259rz\u0259liyevin \u00e7ox b\u00f6y\u00fck z\u0259hm\u0259tl\u0259ri oldu. Amma s\u0259n dem\u0259, qalib g\u0259lm\u0259k i\u015fin yar\u0131s\u0131 imi\u015f, ondan \u00e7\u0259tini, administrativ baryerl\u0259ri d\u0259f etm\u0259k imi\u015f \u2013 \u018fdliyy\u0259 Nazirliyind\u0259n qrant\u0131 qeydiyyatdan ke\u00e7irm\u0259k, \u0130taliya s\u0259firliyind\u0259n viza almaq o q\u0259d\u0259r d\u0259 asan m\u0259s\u0259l\u0259 deyildi. Viza alma\u011f\u0131ma \u00fcmidim tam itir\u0259nd\u0259 s\u0259firliy\u0259 m\u0259ktub yazd\u0131m. El\u0259 h\u0259min g\u00fcn\u00fcn sonu telefonuma z\u0259ng g\u0259ldi. M\u0259n\u0259 s\u0259h\u0259ri g\u00fcn\u0259 g\u00f6r\u00fc\u015f t\u0259yin etdil\u0259r&#8230; Sonra h\u0259r \u015fey id\u0131r\u0131m s\u00fcr\u0259til\u0259 ba\u015f verdi.&nbsp; T\u0259yyar\u0259y\u0259 min\u0259nd\u0259 bir sutka idi ki, yatmam\u0131\u015fd\u0131m. Bilirsiniz, probleml\u0259r t\u0259yyar\u0259 liman\u0131ndan hotel\u0259 gedib \u00e7\u0131xana kimi davam etdi. \u0130ki saatdan sonra, n\u0259hay\u0259t, otelin qap\u0131s\u0131na \u00e7atanda \u00f6z\u00fcmd\u0259n soru\u015fd\u00fcm ki, Ayt\u0259n, s\u0259n\u0259 bu laz\u0131m idi?<\/p>\n\n\n\n<p>&#8211; Laz\u0131m idi, Ayt\u0259n? &nbsp;<\/p>\n\n\n\n<p>&#8211; Laz\u0131m idi.<\/p>\n\n\n\n<p><strong>Milanda<\/strong><\/p>\n\n\n\n<p>&#8211; Milan \u00fc\u00e7\u00fcn \u0259ziyy\u0259tl\u0259r\u0259 d\u00f6zm\u0259y\u0259 d\u0259y\u0259rmi\u015f. Milan bir modelyer kimi arzular\u0131m\u0131n \u015f\u0259h\u0259ri idi, burada bir aylq t\u0259hsil almaq is\u0259 \u0259n b\u00f6y\u00fck x\u0259yal\u0131m. Mobillik qrant\u0131 buna imkan verirdi. Bu \u015f\u0259h\u0259rd\u0259 \u00f6mr\u00fcnd\u0259 ilk d\u0259f\u0259 komfort zonadan \u00e7\u0131xd\u0131m. Yeni ya\u015f\u0131mda yenid\u0259n aya\u011fa durma\u011f\u0131 \u00f6yr\u0259ndim. \u0130nsituto de moda Burgonun D\u0259b dizayn\u0131kursunda ke\u00e7irdiyim h\u0259r an\u0131n q\u0259drini bildim. H\u0259ft\u0259d\u0259 4 d\u0259f\u0259, h\u0259r g\u00fcn saat 9-dan 12-\u0259 kimi institutun iki m\u00fczxt\u0259lif filial\u0131nda h\u0259m tiki\u015f, h\u0259m d\u0259 dizayn kurslar\u0131 ke\u00e7irdik. H\u0259rd\u0259n dizayn m\u00fc\u0259liminin tap\u015f\u0131r\u0131qlar\u0131 o q\u0259d\u0259r \u00e7ox olurdu ki, eskizl\u0259ri d\u0259rsd\u0259n sonra hoteld\u0259 \u00e7\u0259kib qurtar\u0131rd\u0131m. H\u0259rd\u0259ns\u0259 m\u0259n\u0259 el\u0259 g\u0259lirdi ki, m\u00fc\u0259llim bizi \u00e7ox y\u00fckl\u0259yir, amma yen\u0259 d\u0259 onu q\u0131nam\u0131rd\u0131m. \u00c7\u00fcnki kurslar intensiv idi. Proqram\u0131 \u00e7atd\u0131rmaq laz\u0131m idi. \u0130taliyan\u0131n \u00f6l\u00e7\u00fc sistemi v\u0259 bi\u00e7im t\u0259rzi bizimkind\u0259n f\u0259rqlidir. Kursun bir h\u0259ft\u0259sini yaral\u0131 yerim olan korset tikm\u0259y\u0259 h\u0259sr el\u0259dim. \u018fn b\u00f6y\u00fck qazanc\u0131m bu, bir d\u0259 lekallar\u0131 d\u00fcstur \u0259sas\u0131nda \u00e7\u0131xarmaq oldu. \u0130ndi m\u0259n d\u00fcsturlar\u0131 bilir\u0259m&#8230;<\/p>\n\n\n\n<p>Ayt\u0259n bu yerd\u0259 susur. Ona daha sual verm\u0259yi art\u0131q bilir\u0259m. Ax\u0131 o art\u0131q d\u00fcstur \u00e7\u0131xarma\u011f\u0131 \u00f6yr\u0259nib. B\u0259lk\u0259, \u0130taliya saat\u0131 da el\u0259 bu d\u00fcsturla i\u015fl\u0259yir&#8230;<\/p>\n","protected":false},"excerpt":{"rendered":"<p>G\u0259nc modelyer, \u201cRozSev\u201d brendinin yarad\u0131c\u0131s\u0131 Ayt\u0259n X\u0259lilzad\u0259 \u201cA\u0130 M\u0259d\u0259niyy\u0259t \u00fc\u00e7\u00fcn\u201d layih\u0259sinin mobillik qrant\u0131n\u0131 udub, bu yay Milanda bir ay \u0130nsituto di moda Burgoda D\u0259b dizayn\u0131 kursunda t\u0259hsil al\u0131b&#8230; &#8211; \u0130taliyadan n\u0259 g\u0259tirdin \u00f6z\u00fcnl\u0259? &#8211; Saat. &#8211; Niy\u0259? &#8211; Endirimd\u0259 idi, &#8211; deyir v\u0259 sol bil\u0259yind\u0259ki saat\u0131n\u0131 ehmalca d\u00fcz\u0259ldir. Ayt\u0259nin sol \u0259lini b\u0259z\u0259y\u0259n saata \u00f6t\u0259ri bax\u0131b [&hellip;]<\/p>\n","protected":false},"author":19,"featured_media":63742,"parent":0,"menu_order":0,"comment_status":"closed","ping_status":"closed","template":"","meta":{"_acf_changed":false,"footnotes":""},"class_list":["post-63752","page","type-page","status-publish","has-post-thumbnail","hentry"],"acf":[],"yoast_head":"<!-- This site is optimized with the Yoast SEO plugin v26.4 - https:\/\/yoast.com\/wordpress\/plugins\/seo\/ -->\n<title>\u0130taliya saat\u0131 - EU for Azerbaijan<\/title>\n<meta name=\"robots\" content=\"index, follow, max-snippet:-1, max-image-preview:large, max-video-preview:-1\" \/>\n<link rel=\"canonical\" href=\"https:\/\/eu4azerbaijan.eu\/az\/italiya-saati\/\" \/>\n<meta property=\"og:locale\" content=\"az_AZ\" \/>\n<meta property=\"og:type\" content=\"article\" \/>\n<meta property=\"og:title\" content=\"\u0130taliya saat\u0131 - EU for Azerbaijan\" \/>\n<meta property=\"og:description\" content=\"G\u0259nc modelyer, \u201cRozSev\u201d brendinin yarad\u0131c\u0131s\u0131 Ayt\u0259n X\u0259lilzad\u0259 \u201cA\u0130 M\u0259d\u0259niyy\u0259t \u00fc\u00e7\u00fcn\u201d layih\u0259sinin mobillik qrant\u0131n\u0131 udub, bu yay Milanda bir ay \u0130nsituto di moda Burgoda D\u0259b dizayn\u0131 kursunda t\u0259hsil al\u0131b&#8230; &#8211; \u0130taliyadan n\u0259 g\u0259tirdin \u00f6z\u00fcnl\u0259? &#8211; Saat. &#8211; Niy\u0259? &#8211; Endirimd\u0259 idi, &#8211; deyir v\u0259 sol bil\u0259yind\u0259ki saat\u0131n\u0131 ehmalca d\u00fcz\u0259ldir. Ayt\u0259nin sol \u0259lini b\u0259z\u0259y\u0259n saata \u00f6t\u0259ri bax\u0131b [&hellip;]\" \/>\n<meta property=\"og:url\" content=\"https:\/\/eu4azerbaijan.eu\/az\/italiya-saati\/\" \/>\n<meta property=\"og:site_name\" content=\"EU for Azerbaijan\" \/>\n<meta property=\"article:modified_time\" content=\"2023-04-11T09:40:18+00:00\" \/>\n<meta property=\"og:image\" content=\"https:\/\/eu4azerbaijan.eu\/wp-content\/uploads\/IMG_20220819_205719_28580-scaled-e1680869995552.jpg\" \/>\n\t<meta property=\"og:image:width\" content=\"2048\" \/>\n\t<meta property=\"og:image:height\" content=\"2560\" \/>\n\t<meta property=\"og:image:type\" content=\"image\/jpeg\" \/>\n<meta name=\"twitter:card\" content=\"summary_large_image\" \/>\n<script type=\"application\/ld+json\" class=\"yoast-schema-graph\">{\"@context\":\"https:\/\/schema.org\",\"@graph\":[{\"@type\":\"WebPage\",\"@id\":\"https:\/\/eu4azerbaijan.eu\/az\/italiya-saati\/\",\"url\":\"https:\/\/eu4azerbaijan.eu\/az\/italiya-saati\/\",\"name\":\"\u0130taliya saat\u0131 - EU for Azerbaijan\",\"isPartOf\":{\"@id\":\"https:\/\/eu4azerbaijan.eu\/az\/#website\"},\"primaryImageOfPage\":{\"@id\":\"https:\/\/eu4azerbaijan.eu\/az\/italiya-saati\/#primaryimage\"},\"image\":{\"@id\":\"https:\/\/eu4azerbaijan.eu\/az\/italiya-saati\/#primaryimage\"},\"thumbnailUrl\":\"https:\/\/eu4azerbaijan.eu\/wp-content\/uploads\/IMG_20220819_205719_28580-scaled-e1680869995552.jpg\",\"datePublished\":\"2023-04-07T11:39:00+00:00\",\"dateModified\":\"2023-04-11T09:40:18+00:00\",\"breadcrumb\":{\"@id\":\"https:\/\/eu4azerbaijan.eu\/az\/italiya-saati\/#breadcrumb\"},\"inLanguage\":\"az-AZ\",\"potentialAction\":[{\"@type\":\"ReadAction\",\"target\":[\"https:\/\/eu4azerbaijan.eu\/az\/italiya-saati\/\"]}]},{\"@type\":\"ImageObject\",\"inLanguage\":\"az-AZ\",\"@id\":\"https:\/\/eu4azerbaijan.eu\/az\/italiya-saati\/#primaryimage\",\"url\":\"https:\/\/eu4azerbaijan.eu\/wp-content\/uploads\/IMG_20220819_205719_28580-scaled-e1680869995552.jpg\",\"contentUrl\":\"https:\/\/eu4azerbaijan.eu\/wp-content\/uploads\/IMG_20220819_205719_28580-scaled-e1680869995552.jpg\",\"width\":2048,\"height\":2560},{\"@type\":\"BreadcrumbList\",\"@id\":\"https:\/\/eu4azerbaijan.eu\/az\/italiya-saati\/#breadcrumb\",\"itemListElement\":[{\"@type\":\"ListItem\",\"position\":1,\"name\":\"Home\",\"item\":\"https:\/\/eu4azerbaijan.eu\/az\/\"},{\"@type\":\"ListItem\",\"position\":2,\"name\":\"\u0130taliya saat\u0131\"}]},{\"@type\":\"WebSite\",\"@id\":\"https:\/\/eu4azerbaijan.eu\/az\/#website\",\"url\":\"https:\/\/eu4azerbaijan.eu\/az\/\",\"name\":\"EU for Azerbaijan\",\"description\":\"\",\"potentialAction\":[{\"@type\":\"SearchAction\",\"target\":{\"@type\":\"EntryPoint\",\"urlTemplate\":\"https:\/\/eu4azerbaijan.eu\/az\/?s={search_term_string}\"},\"query-input\":{\"@type\":\"PropertyValueSpecification\",\"valueRequired\":true,\"valueName\":\"search_term_string\"}}],\"inLanguage\":\"az-AZ\"}]}<\/script>\n<!-- \/ Yoast SEO plugin. -->","yoast_head_json":{"title":"\u0130taliya saat\u0131 - EU for Azerbaijan","robots":{"index":"index","follow":"follow","max-snippet":"max-snippet:-1","max-image-preview":"max-image-preview:large","max-video-preview":"max-video-preview:-1"},"canonical":"https:\/\/eu4azerbaijan.eu\/az\/italiya-saati\/","og_locale":"az_AZ","og_type":"article","og_title":"\u0130taliya saat\u0131 - EU for Azerbaijan","og_description":"G\u0259nc modelyer, \u201cRozSev\u201d brendinin yarad\u0131c\u0131s\u0131 Ayt\u0259n X\u0259lilzad\u0259 \u201cA\u0130 M\u0259d\u0259niyy\u0259t \u00fc\u00e7\u00fcn\u201d layih\u0259sinin mobillik qrant\u0131n\u0131 udub, bu yay Milanda bir ay \u0130nsituto di moda Burgoda D\u0259b dizayn\u0131 kursunda t\u0259hsil al\u0131b&#8230; &#8211; \u0130taliyadan n\u0259 g\u0259tirdin \u00f6z\u00fcnl\u0259? &#8211; Saat. &#8211; Niy\u0259? &#8211; Endirimd\u0259 idi, &#8211; deyir v\u0259 sol bil\u0259yind\u0259ki saat\u0131n\u0131 ehmalca d\u00fcz\u0259ldir. Ayt\u0259nin sol \u0259lini b\u0259z\u0259y\u0259n saata \u00f6t\u0259ri bax\u0131b [&hellip;]","og_url":"https:\/\/eu4azerbaijan.eu\/az\/italiya-saati\/","og_site_name":"EU for Azerbaijan","article_modified_time":"2023-04-11T09:40:18+00:00","og_image":[{"width":2048,"height":2560,"url":"https:\/\/eu4azerbaijan.eu\/wp-content\/uploads\/IMG_20220819_205719_28580-scaled-e1680869995552.jpg","type":"image\/jpeg"}],"twitter_card":"summary_large_image","schema":{"@context":"https:\/\/schema.org","@graph":[{"@type":"WebPage","@id":"https:\/\/eu4azerbaijan.eu\/az\/italiya-saati\/","url":"https:\/\/eu4azerbaijan.eu\/az\/italiya-saati\/","name":"\u0130taliya saat\u0131 - EU for Azerbaijan","isPartOf":{"@id":"https:\/\/eu4azerbaijan.eu\/az\/#website"},"primaryImageOfPage":{"@id":"https:\/\/eu4azerbaijan.eu\/az\/italiya-saati\/#primaryimage"},"image":{"@id":"https:\/\/eu4azerbaijan.eu\/az\/italiya-saati\/#primaryimage"},"thumbnailUrl":"https:\/\/eu4azerbaijan.eu\/wp-content\/uploads\/IMG_20220819_205719_28580-scaled-e1680869995552.jpg","datePublished":"2023-04-07T11:39:00+00:00","dateModified":"2023-04-11T09:40:18+00:00","breadcrumb":{"@id":"https:\/\/eu4azerbaijan.eu\/az\/italiya-saati\/#breadcrumb"},"inLanguage":"az-AZ","potentialAction":[{"@type":"ReadAction","target":["https:\/\/eu4azerbaijan.eu\/az\/italiya-saati\/"]}]},{"@type":"ImageObject","inLanguage":"az-AZ","@id":"https:\/\/eu4azerbaijan.eu\/az\/italiya-saati\/#primaryimage","url":"https:\/\/eu4azerbaijan.eu\/wp-content\/uploads\/IMG_20220819_205719_28580-scaled-e1680869995552.jpg","contentUrl":"https:\/\/eu4azerbaijan.eu\/wp-content\/uploads\/IMG_20220819_205719_28580-scaled-e1680869995552.jpg","width":2048,"height":2560},{"@type":"BreadcrumbList","@id":"https:\/\/eu4azerbaijan.eu\/az\/italiya-saati\/#breadcrumb","itemListElement":[{"@type":"ListItem","position":1,"name":"Home","item":"https:\/\/eu4azerbaijan.eu\/az\/"},{"@type":"ListItem","position":2,"name":"\u0130taliya saat\u0131"}]},{"@type":"WebSite","@id":"https:\/\/eu4azerbaijan.eu\/az\/#website","url":"https:\/\/eu4azerbaijan.eu\/az\/","name":"EU for Azerbaijan","description":"","potentialAction":[{"@type":"SearchAction","target":{"@type":"EntryPoint","urlTemplate":"https:\/\/eu4azerbaijan.eu\/az\/?s={search_term_string}"},"query-input":{"@type":"PropertyValueSpecification","valueRequired":true,"valueName":"search_term_string"}}],"inLanguage":"az-AZ"}]}},"_links":{"self":[{"href":"https:\/\/eu4azerbaijan.eu\/az\/wp-json\/wp\/v2\/pages\/63752","targetHints":{"allow":["GET"]}}],"collection":[{"href":"https:\/\/eu4azerbaijan.eu\/az\/wp-json\/wp\/v2\/pages"}],"about":[{"href":"https:\/\/eu4azerbaijan.eu\/az\/wp-json\/wp\/v2\/types\/page"}],"author":[{"embeddable":true,"href":"https:\/\/eu4azerbaijan.eu\/az\/wp-json\/wp\/v2\/users\/19"}],"replies":[{"embeddable":true,"href":"https:\/\/eu4azerbaijan.eu\/az\/wp-json\/wp\/v2\/comments?post=63752"}],"version-history":[{"count":2,"href":"https:\/\/eu4azerbaijan.eu\/az\/wp-json\/wp\/v2\/pages\/63752\/revisions"}],"predecessor-version":[{"id":63769,"href":"https:\/\/eu4azerbaijan.eu\/az\/wp-json\/wp\/v2\/pages\/63752\/revisions\/63769"}],"wp:featuredmedia":[{"embeddable":true,"href":"https:\/\/eu4azerbaijan.eu\/az\/wp-json\/wp\/v2\/media\/63742"}],"wp:attachment":[{"href":"https:\/\/eu4azerbaijan.eu\/az\/wp-json\/wp\/v2\/media?parent=63752"}],"curies":[{"name":"wp","href":"https:\/\/api.w.org\/{rel}","templated":true}]}}