{"version":"1.0","provider_name":"EU for Azerbaijan","provider_url":"https:\/\/eu4azerbaijan.eu\/az\/","title":"M&#x259;d&#x259;niyy&#x259;t k&#xF6;rp&#xFC;s&#xFC;: avropal&#x131;lar&#x131; v&#x259; az&#x259;rbaycanl&#x131;lar&#x131; n&#x259; birl&#x259;&#x15F;dirir - EU for Azerbaijan","type":"rich","width":600,"height":338,"html":"<blockquote class=\"wp-embedded-content\" data-secret=\"jWP6IcIJBr\"><a href=\"https:\/\/eu4azerbaijan.eu\/az\/mdniyyt-krps-avropallar-v-azrbaycanllar-n-birldirir\/\">M&#x259;d&#x259;niyy&#x259;t k&#xF6;rp&#xFC;s&#xFC;:  avropal&#x131;lar&#x131; v&#x259; az&#x259;rbaycanl&#x131;lar&#x131; n&#x259; birl&#x259;&#x15F;dirir<\/a><\/blockquote><iframe sandbox=\"allow-scripts\" security=\"restricted\" src=\"https:\/\/eu4azerbaijan.eu\/az\/mdniyyt-krps-avropallar-v-azrbaycanllar-n-birldirir\/embed\/#?secret=jWP6IcIJBr\" width=\"600\" height=\"338\" title=\"&#8220;M&#x259;d&#x259;niyy&#x259;t k&#xF6;rp&#xFC;s&#xFC;:  avropal&#x131;lar&#x131; v&#x259; az&#x259;rbaycanl&#x131;lar&#x131; n&#x259; birl&#x259;&#x15F;dirir&#8221; &#8212; EU for Azerbaijan\" data-secret=\"jWP6IcIJBr\" frameborder=\"0\" marginwidth=\"0\" marginheight=\"0\" scrolling=\"no\" class=\"wp-embedded-content\"><\/iframe><script>\n\/*! This file is auto-generated *\/\n!function(d,l){\"use strict\";l.querySelector&&d.addEventListener&&\"undefined\"!=typeof URL&&(d.wp=d.wp||{},d.wp.receiveEmbedMessage||(d.wp.receiveEmbedMessage=function(e){var t=e.data;if((t||t.secret||t.message||t.value)&&!\/[^a-zA-Z0-9]\/.test(t.secret)){for(var s,r,n,a=l.querySelectorAll('iframe[data-secret=\"'+t.secret+'\"]'),o=l.querySelectorAll('blockquote[data-secret=\"'+t.secret+'\"]'),c=new RegExp(\"^https?:$\",\"i\"),i=0;i<o.length;i++)o[i].style.display=\"none\";for(i=0;i<a.length;i++)s=a[i],e.source===s.contentWindow&&(s.removeAttribute(\"style\"),\"height\"===t.message?(1e3<(r=parseInt(t.value,10))?r=1e3:~~r<200&&(r=200),s.height=r):\"link\"===t.message&&(r=new URL(s.getAttribute(\"src\")),n=new URL(t.value),c.test(n.protocol))&&n.host===r.host&&l.activeElement===s&&(d.top.location.href=t.value))}},d.addEventListener(\"message\",d.wp.receiveEmbedMessage,!1),l.addEventListener(\"DOMContentLoaded\",function(){for(var e,t,s=l.querySelectorAll(\"iframe.wp-embedded-content\"),r=0;r<s.length;r++)(t=(e=s[r]).getAttribute(\"data-secret\"))||(t=Math.random().toString(36).substring(2,12),e.src+=\"#?secret=\"+t,e.setAttribute(\"data-secret\",t)),e.contentWindow.postMessage({message:\"ready\",secret:t},\"*\")},!1)))}(window,document);\n<\/script>\n","thumbnail_url":"https:\/\/eu4azerbaijan.eu\/wp-content\/uploads\/\u0444\u043e\u0442\u043e-1-\u0430\u043b\u044c\u0442\u0435\u0440\u043d\u0430\u0442\u0438\u0432\u043d\u0430\u044f_0.jpg","thumbnail_width":1366,"thumbnail_height":768,"description":"Yelena V\u0259liyeva\u00a0\u201cBerlinale\u201d kimi tan\u0131nan Berlin beyn\u0259lxalq kino festival\u0131nda qonaq qismind\u0259 i\u015ftirak etm\u0259k ist\u0259nil\u0259n Avropa kinomatoqrafiyas\u0131n\u0131 sev\u0259n v\u0259 d\u0259y\u0259rl\u0259ndir\u0259nl\u0259r \u00fc\u00e7\u00fcn b\u00f6y\u00fck sevincdir. Bu il bu c\u00fcr imkan Az\u0259rbaycan Dill\u0259r Universitetinin m\u0259zuni, 26 ya\u015fl\u0131 G\u00fcnay Mirz\u0259yevan\u0131n qism\u0259tin\u0259 d\u00fc\u015f\u00fcb."}